{"id":3,"date":"2022-02-09T16:44:58","date_gmt":"2022-02-09T15:44:58","guid":{"rendered":"https:\/\/www.redispatch3.eu\/?page_id=3"},"modified":"2022-03-17T09:14:32","modified_gmt":"2022-03-17T08:14:32","slug":"datenschutz","status":"publish","type":"page","link":"https:\/\/www.redispatch3.eu\/de\/datenschutz\/","title":{"rendered":"Datenschutzerkl\u00e4rung"},"content":{"rendered":"<div class=\"fusion-fullwidth fullwidth-box fusion-builder-row-1 fusion-flex-container nonhundred-percent-fullwidth non-hundred-percent-height-scrolling\" style=\"--awb-border-radius-top-left:0px;--awb-border-radius-top-right:0px;--awb-border-radius-bottom-right:0px;--awb-border-radius-bottom-left:0px;--awb-flex-wrap:wrap;\" ><div class=\"fusion-builder-row fusion-row fusion-flex-align-items-flex-start fusion-flex-content-wrap\" style=\"max-width:1216.8px;margin-left: calc(-4% \/ 2 );margin-right: calc(-4% \/ 2 );\"><div class=\"fusion-layout-column fusion_builder_column fusion-builder-column-0 fusion_builder_column_1_1 1_1 fusion-flex-column\" style=\"--awb-bg-blend:overlay;--awb-bg-size:cover;--awb-width-large:100%;--awb-margin-top-large:0px;--awb-spacing-right-large:1.92%;--awb-margin-bottom-large:0px;--awb-spacing-left-large:1.92%;--awb-width-medium:100%;--awb-spacing-right-medium:1.92%;--awb-spacing-left-medium:1.92%;--awb-width-small:100%;--awb-spacing-right-small:1.92%;--awb-spacing-left-small:1.92%;\"><div class=\"fusion-column-wrapper fusion-flex-justify-content-flex-start fusion-content-layout-column\"><div class=\"fusion-text fusion-text-1\" style=\"--awb-text-transform:none;\"><\/p>\n<h2 class=\"wp-block-heading\" style=\"--fontsize: 48; line-height: 1.2;\" data-fontsize=\"48\" data-lineheight=\"57.6px\">Datenschutzerkl\u00e4rung<\/h2>\n<\/p>\n<p>Wir nehmen den Schutz Ihrer pers\u00f6nlichen Daten sehr ernst. Ihre Daten werden im Rahmen der gesetzlichen Vorschriften geschu\u0308tzt. Personenbezogene Daten werden auf unseren Internetseiten nur im notwendigen Umfang erhoben. In keinem Fall werden die erhobenen Daten verkauft oder aus anderen Gru\u0308nden an Dritte weitergegeben.<\/p>\n<\/p>\n<h2 class=\"wp-block-heading\" style=\"--fontsize: 48; line-height: 1.2;\" data-fontsize=\"48\" data-lineheight=\"57.6px\">Verantwortlicher<\/h2>\n<\/p>\n<p>Verantwortlich fu\u0308r die hier erl\u00e4uterte Datenverarbeitung ist der OFFIS e. V., Escherweg 2, 26121 Oldenburg.<\/p>\n<\/p>\n<h2 class=\"wp-block-heading\" style=\"--fontsize: 48; line-height: 1.2;\" data-fontsize=\"48\" data-lineheight=\"57.6px\">Erhebung und Verarbeitung von Daten<\/h2>\n<\/p>\n<p>Jeder Zugriff auf eine unserer Internetseiten und jeder Abruf einer auf den Internetseiten hinterlegten Datei werden von g\u00e4ngigen Webserver-Log-Dateien protokolliert. Die Speicherung dient internen systembezogenen und statistischen Zwecken. Protokolliert wird u. a.:<\/p>\n<ul>\n<li>welche Datei angefordert wurde,<\/li>\n<li>der Name der Datei,<\/li>\n<li>das Datum und die Uhrzeit der Anforderung,<\/li>\n<li>die u\u0308bertragene Datenmenge,<\/li>\n<li>der Zugriffsstatus (Datei nicht gefunden, Datei u\u0308bertragen etc.),<\/li>\n<li>der Typ des verwendeten Webbrowsers und<\/li>\n<li>die IP-Adresse des Internetseitenbesuchers<\/li>\n<\/ul>\n<p>S\u00e4mtliche dieser Daten werden ausschlie\u00dflich anonymisiert gespeichert und ausgewertet. Zu diesem Zweck wird die IP-Adresse des Systems, von dem aus die Internetseite oder Datei angefordert wurde, geeignet anonymisiert. Rechtsgrundlage ist Art. 6 Abs. 1 lit. f DSGVO (Datenschutz-Grundverordnung). Es ist somit weder ein Ru\u0308ckschluss auf eine bestimmte Person m\u00f6glich, noch erfolgt eine Zusammenfu\u0308hrung mit anderen Daten.<\/p>\n<\/p>\n<\/p>\n<h2 class=\"wp-block-heading\" style=\"--fontsize: 48; line-height: 1.2;\" data-fontsize=\"48\" data-lineheight=\"57.6px\">Cookies<\/h2>\n<\/p>\n<p>Auf unserer Webseite setzen wir Cookies ein, die zur Nutzung unserer Webseite erforderlich sind.<\/p>\n<p>Cookies sind kleine Textdateien, die auf Ihrem Endger\u00e4t gespeichert und ausgelesen werden k\u00f6nnen. Man unterscheidet zwischen Session-Cookies, die wieder gel\u00f6scht werden, sobald Sie ihren Browser schlie\u00dfen und permanenten Cookies, die u\u0308ber die einzelne Sitzung hinaus gespeichert werden.<\/p>\n<p>Wir nutzen diese erforderlichen Cookies nicht fu\u0308r Analyse-, Tracking- oder Werbezwecke.<\/p>\n<p>Teilweise enthalten diese Cookies lediglich Informationen zu bestimmten Einstellungen und sind nicht personenbeziehbar. Sie k\u00f6nnen auch notwendig sein, um die Benutzerfu\u0308hrung, Sicherheit und Umsetzung der Seite zu erm\u00f6glichen.<\/p>\n<p>Wir nutzen diese Cookies auf Grundlage von Art. 6 Abs. 1 S. 1 lit. f DSGVO und in dem Interesse die Benutzerfu\u0308hrung zu optimieren bzw. zu erm\u00f6glichen und die Darstellung unserer Webseite anzupassen.<\/p>\n<p>Sie k\u00f6nnen Ihren Browser so einstellen, dass er Sie u\u0308ber die Platzierung von Cookies informiert. So wird der Gebrauch von Cookies fu\u0308r Sie transparent. Sie k\u00f6nnen Cookies zudem jederzeit u\u0308ber die entsprechende Browsereinstellung l\u00f6schen und das Setzen neuer Cookies verhindern. Bitte beachten Sie, dass unsere Webseiten dann ggf. nicht angezeigt werden k\u00f6nnen und einige Funktionen technisch nicht mehr zur Verfu\u0308gung stehen.<\/p>\n<\/p>\n<h2 class=\"wp-block-heading\" style=\"--fontsize: 48; line-height: 1.2;\" data-fontsize=\"48\" data-lineheight=\"57.6px\">Datensicherheit<\/h2>\n<\/p>\n<p>Um Ihre Daten vor unerwu\u0308nschten Zugriffen m\u00f6glichst umfassend zu schu\u0308tzen, treffen wir technische und organisatorische Ma\u00dfnahmen. Wir setzen auf unseren Seiten ein Verschlu\u0308sselungsverfahren ein. Ihre Angaben werden von Ihrem Rechner zu unserem Server und umgekehrt u\u0308ber das Internet mittels einer TLS-Verschlu\u0308sselung u\u0308bertragen. Sie erkennen dies daran, dass in der Statusleiste Ihres Browsers das Schloss-Symbol geschlossen ist und die Adresszeile mit https:\/\/ beginnt.<\/p>\n<p>Bitte beachten Sie, dass au\u00dferhalb der vorgenannten Rahmenbedingungen, insbesondere bei der Kommunikation per E-Mail die vollst\u00e4ndige Datensicherheit von uns naturgem\u00e4\u00df nicht gew\u00e4hrleistet werden kann.<\/p>\n<\/p>\n<h2 class=\"wp-block-heading\" style=\"--fontsize: 48; line-height: 1.2;\" data-fontsize=\"48\" data-lineheight=\"57.6px\">Verwendung der Daten<\/h2>\n<\/p>\n<p>Wir beachten den Grundsatz der zweckgebundenen Datenverwendung und erheben, verarbeiten und speichern Ihre personenbezogenen Daten nur fu\u0308r die Zwecke, fu\u0308r welche Sie uns diese mitgeteilt haben und fu\u0308r die technische Administration. Eine Weitergabe Ihrer pers\u00f6nlichen Daten an Dritte erfolgt ohne Ihre ausdru\u0308ckliche Einwilligung nicht, sofern dies nicht zur Erbringung der Dienstleistung oder zur Vertragsdurchfu\u0308hrung notwendig ist. Auch die \u00dcbermittlung an auskunftsberechtigte staatliche Institution und Beh\u00f6rden erfolgt nur im Rahmen der gesetzlichen Auskunftspflichten oder wenn wir durch eine gerichtliche Entscheidung zur Auskunft verpflichtet werden.<\/p>\n<\/p>\n<h2 class=\"wp-block-heading\" style=\"--fontsize: 48; line-height: 1.2;\" data-fontsize=\"48\" data-lineheight=\"57.6px\">Verwendung von Social Plugins<\/h2>\n<\/p>\n<p>Wir verwenden Social Plugins von sozialen Netzwerken nur in Form der sog. 2-Klick-L\u00f6sung, d. h. Sie mu\u0308ssen das Plugin zun\u00e4chst aktivieren (1.Klick), bevor Sie es nutzen k\u00f6nnen (2.Klick). Auf diese Weise werden personenbeziehbare Daten (vgl. dazu oben, Erhebung und Verarbeitung) erst dann an das soziale Netzwerk u\u0308bertragen, wenn Sie das Plugin selbst aktivieren. So bestimmen Sie, ob Ihre Daten u\u0308bertragen werden.<\/p>\n<\/p>\n<h2 class=\"wp-block-heading\" style=\"--fontsize: 48; line-height: 1.2;\" data-fontsize=\"48\" data-lineheight=\"57.6px\">L\u00f6schung der Daten<\/h2>\n<\/p>\n<p>Eine L\u00f6schung der gespeicherten personenbezogenen Daten erfolgt, wenn Sie Ihre Einwilligung zur Speicherung widerrufen, wenn deren Kenntnis zur Erfu\u0308llung des mit der Speicherung verfolgten Zwecks nicht mehr erforderlich ist oder wenn deren Speicherung aus sonstigen gesetzlichen Gru\u0308nden unzul\u00e4ssig ist.<\/p>\n<\/p>\n<h2 class=\"wp-block-heading\" style=\"--fontsize: 48; line-height: 1.2;\" data-fontsize=\"48\" data-lineheight=\"57.6px\">Ihre Rechte als Nutzer<\/h2>\n<\/p>\n<p>Bei Verarbeitung Ihrer personenbezogenen Daten gew\u00e4hrt die DSGVO Ihnen als Webseitennutzer bestimmte Rechte:<\/p>\n<ol>\n<li>Auskunftsrecht (Art. 15 DSGVO):<br>Sie haben das Recht eine Best\u00e4tigung daru\u0308ber zu verlangen, ob sie betreffende personenbezogene Daten verarbeitet werden; ist dies der Fall, so haben Sie ein Recht auf Auskunft u\u0308ber diese personenbezogenen Daten und auf die in Art. 15 DSGVO im einzelnen aufgefu\u0308hrten Informationen.<\/li>\n<li>Recht auf Berichtigung und L\u00f6schung (Art. 16 und 17 DSGVO):<br>Sie haben das Recht, unverzu\u0308glich die Berichtigung sie betreffender unrichtiger personenbezogener Daten und ggf. die Vervollst\u00e4ndigung unvollst\u00e4ndiger personenbezogener Daten zu verlangen. Sie haben zudem das Recht, zu verlangen, dass sie betreffende personenbezogene Daten unverzu\u0308glich gel\u00f6scht werden, sofern einer der in Art. 17 DSGVO im einzelnen aufgefu\u0308hrten Gru\u0308nde zutrifft, z. B. wenn die Daten fu\u0308r die verfolgten Zwecke nicht mehr ben\u00f6tigt werden.<\/li>\n<li>Recht auf Einschr\u00e4nkung der Verarbeitung (Art. 18 DSGVO):<br>Sie haben das Recht, die Einschr\u00e4nkung der Verarbeitung zu verlangen, wenn eine der in Art. 18 DSGVO aufgefu\u0308hrten Voraussetzungen gegeben ist, z. B. wenn Sie Widerspruch gegen die Verarbeitung eingelegt haben, fu\u0308r die Dauer einer etwaigen Pru\u0308fung.<\/li>\n<li>Recht auf Datenu\u0308bertragbarkeit (Art. 20 DSGVO):<br>In bestimmten F\u00e4llen, die in Art. 20 DSGVO im Einzelnen aufgefu\u0308hrt werden, haben Sie das Recht, die sie betreffenden personenbezogenen Daten in einem strukturierten, g\u00e4ngigen und maschinenlesbaren Format zu erhalten bzw. die \u00dcbermittlung dieser Daten an einen Dritten zu verlangen.<\/li>\n<li>Widerspruchsrecht (Art. 21 DSGVO):<br>Werden Daten auf Grundlage von Art. 6 Abs. 1 lit. f erhoben (Datenverarbeitung zur Wahrung berechtigter Interessen), steht Ihnen das Recht zu, aus Gru\u0308nden, die sich aus Ihrer besonderen Situation ergeben, jederzeit gegen die Verarbeitung Widerspruch einzulegen. Wir verarbeiten die personenbezogenen Daten dann nicht mehr, es sei denn, es liegen nachweisbar zwingende schutzwu\u0308rdige Gru\u0308nde fu\u0308r die Verarbeitung vor, die die Interessen, Rechte und Freiheiten der betroffenen Person u\u0308berwiegen, oder die Verarbeitung dient der Geltendmachung, Ausu\u0308bung oder Verteidigung von Rechtsanspru\u0308chen.<\/li>\n<li>Beschwerderecht bei einer Aufsichtsbeh\u00f6rde:<br>Sie haben gem. Art. 77 DSGVO das Recht auf Beschwerde bei einer Aufsichtsbeh\u00f6rde, wenn Sie der Ansicht sind, dass die Verarbeitung der Sie betreffenden Daten gegen datenschutzrechtliche Bestimmungen verst\u00f6\u00dft. Das Beschwerderecht kann insbesondere bei einer Aufsichtsbeh\u00f6rde in dem Mitgliedstaat Ihres Aufenthaltsorts, Ihres Arbeitsplatzes oder des Orts des mutma\u00dflichen Versto\u00dfes geltend gemacht werden.<\/li>\n<\/ol>\n<h4 class=\"fusion-responsive-typography-calculated\" style=\"--fontsize: 20; line-height: 1.2; --minfontsize: 20;\" data-fontsize=\"20\" data-lineheight=\"24px\"><strong style=\"font-size: 48px;\" data-fusion-font=\"true\">Datenschutzbeauftragter<\/strong><\/h4>\n<\/p>\n<p>Dr. Uwe Schl\u00e4ger<br>datenschutz nord GmbH<br><a href=\"\/de\/www.datenschutz-nord.de\/\">www.datenschutz-nord.de<\/a><br><a href=\"mailto:office@datenschutz-nord.de\">office@datenschutz-nord.de<\/a><\/p><\/p>\n<\/div><\/div><\/div><\/div><\/div>","protected":false},"excerpt":{"rendered":"","protected":false},"author":1,"featured_media":0,"parent":0,"menu_order":0,"comment_status":"closed","ping_status":"open","template":"","meta":{"footnotes":""},"class_list":["post-3","page","type-page","status-publish","hentry"],"yoast_head":"<!-- This site is optimized with the Yoast SEO plugin v27.5 - https:\/\/yoast.com\/product\/yoast-seo-wordpress\/ -->\n<title>Datenschutzerkl\u00e4rung - Redispatch 3.0<\/title>\n<meta name=\"robots\" content=\"index, follow, max-snippet:-1, max-image-preview:large, max-video-preview:-1\" \/>\n<link rel=\"canonical\" href=\"https:\/\/www.redispatch3.eu\/de\/datenschutz\/\" \/>\n<meta property=\"og:locale\" content=\"de_DE\" \/>\n<meta property=\"og:type\" content=\"article\" \/>\n<meta property=\"og:title\" content=\"Datenschutzerkl\u00e4rung - Redispatch 3.0\" \/>\n<meta property=\"og:url\" content=\"https:\/\/www.redispatch3.eu\/de\/datenschutz\/\" \/>\n<meta property=\"og:site_name\" content=\"Redispatch 3.0\" \/>\n<meta property=\"article:modified_time\" content=\"2022-03-17T08:14:32+00:00\" \/>\n<meta name=\"twitter:card\" content=\"summary_large_image\" \/>\n<meta name=\"twitter:label1\" content=\"Gesch\u00e4tzte Lesezeit\" \/>\n\t<meta name=\"twitter:data1\" content=\"6\u00a0Minuten\" \/>\n<script type=\"application\/ld+json\" class=\"yoast-schema-graph\">{\"@context\":\"https:\\\/\\\/schema.org\",\"@graph\":[{\"@type\":\"WebPage\",\"@id\":\"https:\\\/\\\/www.redispatch3.eu\\\/datenschutz\\\/\",\"url\":\"https:\\\/\\\/www.redispatch3.eu\\\/datenschutz\\\/\",\"name\":\"Datenschutzerkl\u00e4rung - Redispatch 3.0\",\"isPartOf\":{\"@id\":\"https:\\\/\\\/www.redispatch3.eu\\\/#website\"},\"datePublished\":\"2022-02-09T15:44:58+00:00\",\"dateModified\":\"2022-03-17T08:14:32+00:00\",\"breadcrumb\":{\"@id\":\"https:\\\/\\\/www.redispatch3.eu\\\/datenschutz\\\/#breadcrumb\"},\"inLanguage\":\"de\",\"potentialAction\":[{\"@type\":\"ReadAction\",\"target\":[\"https:\\\/\\\/www.redispatch3.eu\\\/datenschutz\\\/\"]}]},{\"@type\":\"BreadcrumbList\",\"@id\":\"https:\\\/\\\/www.redispatch3.eu\\\/datenschutz\\\/#breadcrumb\",\"itemListElement\":[{\"@type\":\"ListItem\",\"position\":1,\"name\":\"Home\",\"item\":\"https:\\\/\\\/www.redispatch3.eu\\\/\"},{\"@type\":\"ListItem\",\"position\":2,\"name\":\"Datenschutzerkl\u00e4rung\"}]},{\"@type\":\"WebSite\",\"@id\":\"https:\\\/\\\/www.redispatch3.eu\\\/#website\",\"url\":\"https:\\\/\\\/www.redispatch3.eu\\\/\",\"name\":\"Redispatch 3.0\",\"description\":\"Demonstration Project\",\"publisher\":{\"@id\":\"https:\\\/\\\/www.redispatch3.eu\\\/#organization\"},\"potentialAction\":[{\"@type\":\"SearchAction\",\"target\":{\"@type\":\"EntryPoint\",\"urlTemplate\":\"https:\\\/\\\/www.redispatch3.eu\\\/?s={search_term_string}\"},\"query-input\":{\"@type\":\"PropertyValueSpecification\",\"valueRequired\":true,\"valueName\":\"search_term_string\"}}],\"inLanguage\":\"de\"},{\"@type\":\"Organization\",\"@id\":\"https:\\\/\\\/www.redispatch3.eu\\\/#organization\",\"name\":\"Redispatch 3.0\",\"url\":\"https:\\\/\\\/www.redispatch3.eu\\\/\",\"logo\":{\"@type\":\"ImageObject\",\"inLanguage\":\"de\",\"@id\":\"https:\\\/\\\/www.redispatch3.eu\\\/#\\\/schema\\\/logo\\\/image\\\/\",\"url\":\"https:\\\/\\\/www.redispatch3.eu\\\/wp-content\\\/uploads\\\/2022\\\/06\\\/Logo-02-e1655844521516.jpg\",\"contentUrl\":\"https:\\\/\\\/www.redispatch3.eu\\\/wp-content\\\/uploads\\\/2022\\\/06\\\/Logo-02-e1655844521516.jpg\",\"width\":256,\"height\":256,\"caption\":\"Redispatch 3.0\"},\"image\":{\"@id\":\"https:\\\/\\\/www.redispatch3.eu\\\/#\\\/schema\\\/logo\\\/image\\\/\"},\"sameAs\":[\"https:\\\/\\\/www.linkedin.com\\\/company\\\/redispatch3-0\\\/\"]}]}<\/script>\n<!-- \/ Yoast SEO plugin. -->","yoast_head_json":{"title":"Datenschutzerkl\u00e4rung - Redispatch 3.0","robots":{"index":"index","follow":"follow","max-snippet":"max-snippet:-1","max-image-preview":"max-image-preview:large","max-video-preview":"max-video-preview:-1"},"canonical":"https:\/\/www.redispatch3.eu\/de\/datenschutz\/","og_locale":"de_DE","og_type":"article","og_title":"Datenschutzerkl\u00e4rung - Redispatch 3.0","og_url":"https:\/\/www.redispatch3.eu\/de\/datenschutz\/","og_site_name":"Redispatch 3.0","article_modified_time":"2022-03-17T08:14:32+00:00","twitter_card":"summary_large_image","twitter_misc":{"Gesch\u00e4tzte Lesezeit":"6\u00a0Minuten"},"schema":{"@context":"https:\/\/schema.org","@graph":[{"@type":"WebPage","@id":"https:\/\/www.redispatch3.eu\/datenschutz\/","url":"https:\/\/www.redispatch3.eu\/datenschutz\/","name":"Datenschutzerkl\u00e4rung - Redispatch 3.0","isPartOf":{"@id":"https:\/\/www.redispatch3.eu\/#website"},"datePublished":"2022-02-09T15:44:58+00:00","dateModified":"2022-03-17T08:14:32+00:00","breadcrumb":{"@id":"https:\/\/www.redispatch3.eu\/datenschutz\/#breadcrumb"},"inLanguage":"de","potentialAction":[{"@type":"ReadAction","target":["https:\/\/www.redispatch3.eu\/datenschutz\/"]}]},{"@type":"BreadcrumbList","@id":"https:\/\/www.redispatch3.eu\/datenschutz\/#breadcrumb","itemListElement":[{"@type":"ListItem","position":1,"name":"Home","item":"https:\/\/www.redispatch3.eu\/"},{"@type":"ListItem","position":2,"name":"Datenschutzerkl\u00e4rung"}]},{"@type":"WebSite","@id":"https:\/\/www.redispatch3.eu\/#website","url":"https:\/\/www.redispatch3.eu\/","name":"Redispatch 3.0","description":"Demonstrationsprojekt","publisher":{"@id":"https:\/\/www.redispatch3.eu\/#organization"},"potentialAction":[{"@type":"SearchAction","target":{"@type":"EntryPoint","urlTemplate":"https:\/\/www.redispatch3.eu\/?s={search_term_string}"},"query-input":{"@type":"PropertyValueSpecification","valueRequired":true,"valueName":"search_term_string"}}],"inLanguage":"de"},{"@type":"Organization","@id":"https:\/\/www.redispatch3.eu\/#organization","name":"Redispatch 3.0","url":"https:\/\/www.redispatch3.eu\/","logo":{"@type":"ImageObject","inLanguage":"de","@id":"https:\/\/www.redispatch3.eu\/#\/schema\/logo\/image\/","url":"https:\/\/www.redispatch3.eu\/wp-content\/uploads\/2022\/06\/Logo-02-e1655844521516.jpg","contentUrl":"https:\/\/www.redispatch3.eu\/wp-content\/uploads\/2022\/06\/Logo-02-e1655844521516.jpg","width":256,"height":256,"caption":"Redispatch 3.0"},"image":{"@id":"https:\/\/www.redispatch3.eu\/#\/schema\/logo\/image\/"},"sameAs":["https:\/\/www.linkedin.com\/company\/redispatch3-0\/"]}]}},"_links":{"self":[{"href":"https:\/\/www.redispatch3.eu\/de\/wp-json\/wp\/v2\/pages\/3","targetHints":{"allow":["GET"]}}],"collection":[{"href":"https:\/\/www.redispatch3.eu\/de\/wp-json\/wp\/v2\/pages"}],"about":[{"href":"https:\/\/www.redispatch3.eu\/de\/wp-json\/wp\/v2\/types\/page"}],"author":[{"embeddable":true,"href":"https:\/\/www.redispatch3.eu\/de\/wp-json\/wp\/v2\/users\/1"}],"replies":[{"embeddable":true,"href":"https:\/\/www.redispatch3.eu\/de\/wp-json\/wp\/v2\/comments?post=3"}],"version-history":[{"count":7,"href":"https:\/\/www.redispatch3.eu\/de\/wp-json\/wp\/v2\/pages\/3\/revisions"}],"predecessor-version":[{"id":5330,"href":"https:\/\/www.redispatch3.eu\/de\/wp-json\/wp\/v2\/pages\/3\/revisions\/5330"}],"wp:attachment":[{"href":"https:\/\/www.redispatch3.eu\/de\/wp-json\/wp\/v2\/media?parent=3"}],"curies":[{"name":"wp","href":"https:\/\/api.w.org\/{rel}","templated":true}]}}